{"id":593,"date":"2025-09-30T12:49:18","date_gmt":"2025-09-30T10:49:18","guid":{"rendered":"https:\/\/forestscandal.org\/593-2\/"},"modified":"2025-10-27T09:35:26","modified_gmt":"2025-10-27T08:35:26","slug":"foretag","status":"publish","type":"page","link":"https:\/\/forestscandal.org\/de\/foretag\/","title":{"rendered":"F\u00f6retag"},"content":{"rendered":"<div style=\"height:50px\" aria-hidden=\"true\" class=\"wp-block-spacer\"><\/div>\n\n\n<h1 style=\"font-style:normal;font-weight:700;\" class=\"wp-block-post-title\">F\u00f6retag<\/h1>\n\n\n<h2 class=\"wp-block-heading has-xx-large-font-size\" id=\"companies\"><strong>F\u00f6retag<\/strong><\/h2>\n\n\n\n<div style=\"height:50px\" aria-hidden=\"true\" class=\"wp-block-spacer\"><\/div>\n\n\n\n<figure class=\"wp-block-image size-full is-resized\"><img loading=\"lazy\" decoding=\"async\" width=\"431\" height=\"117\" src=\"https:\/\/forestscandal.org\/wp-content\/uploads\/2025\/09\/Nestle.png\" alt=\"\" class=\"wp-image-238\" style=\"width:200px;height:auto\" srcset=\"https:\/\/forestscandal.org\/wp-content\/uploads\/2025\/09\/Nestle.png 431w, https:\/\/forestscandal.org\/wp-content\/uploads\/2025\/09\/Nestle-300x81.png 300w\" sizes=\"auto, (max-width: 431px) 100vw, 431px\" \/><\/figure>\n\n\n\n<p>Det schweiziska multinationella f\u00f6retaget Nestl\u00e9 \u00e4r v\u00e4rldens st\u00f6rsta producent av mat och dryck. Med omkring 2000 varum\u00e4rken producerar f\u00f6retaget mer \u00e4n 300 miljarder Nestl\u00e9-f\u00f6rpackningar varje \u00e5r. <\/p>\n\n\n\n<p>Nestl\u00e9 h\u00e4vdar att de endast anv\u00e4nder papper och pappersmassa fr\u00e5n h\u00e5llbart f\u00f6rvaltade skogar. Efter att Nestl\u00e9 bes\u00f6kte Sverige i september 2024 p\u00e5 inbjudan fr\u00e5n Skydda Skogen, Greenpeace, Robin Wood och samiska rensk\u00f6tare, gjorde f\u00f6retaget f\u00f6ljande uttalande: <\/p>\n\n\n\n<p><em>&#8220;Vi vidtar \u00e5tg\u00e4rder, inklusive att<strong> unders\u00f6ka <\/strong><\/em><strong><em>en minskning av v\u00e5r efterfr\u00e5gan p\u00e5 r\u00e5varor fr\u00e5n den svenska norra boreala regionen<\/em><br><\/strong><em>. [&#8230;] Vi har identifierat denna region som en biologisk hotspot som f\u00f6rv\u00e4ntas gynnas av \u00f6kade bevarandeinsatser och h\u00e4nsyn till sociala r\u00e4ttigheter och markr\u00e4ttigheter.&#8221;<\/em><br><br>Under 2025 har de uppdaterat uttalandet med f\u00f6ljande \u00e4ndring:<br>&#8220;.<em>..inklusive att<\/em> <strong><em>minska v\u00e5r efterfr\u00e5gan p\u00e5 r\u00e5varor fr\u00e5n den svenska norra boreala regionen<\/em><\/strong>.&#8221;<\/p>\n\n\n\n<p>Nestl\u00e9s beslut att minska sina ink\u00f6p fr\u00e5n norra Sverige \u00e4r ett positivt f\u00f6rsta steg.<br>Vi hoppas att den h\u00e4r kampanjen kan hj\u00e4lpa Nestl\u00e9 att helt sluta handla med SCA och fr\u00e5n naturskogar i Sverige och att andra f\u00f6retag f\u00f6ljer efter!<\/p>\n\n\n\n<p> Det \u00e4r dags f\u00f6r handling nu!<\/p>\n\n\n\n<p><\/p>\n\n\n\n<ul style=\"list-style-type: disc; padding-left: 20px;\"><li><details class=\"fold-box\"><summary>Klicken Sie hier, um die mit Nestl\u00e9 verbundenen Marken anzuzeigen<span class=\"read-more\">\u25bc<\/span><\/summary><p class=\"translation-block\"><img src=\"https:\/\/forestscandal.org\/wp-content\/uploads\/2025\/10\/nestle-brands.png\" alt=\"Nestl\u00e9 brands\" style=\"width:100%;max-width:800px;margin-bottom:10px\" class=\"\"><br \/>\n <a href=\"https:\/\/en.wikipedia.org\/wiki\/List_of_Nestl_brands\" target=\"_new\">Hier klicken<\/a>, um die vollst\u00e4ndige Liste der Marken von Nestl\u00e9 anzusehen.<\/p><\/details><\/li><\/ul><style>.fold-box {\n  cursor: pointer;\n  margin-top: 6px;\n}\n.fold-box summary {\n  list-style: none;\n  cursor: pointer;\n  font-weight: 500;\n}\n.fold-box summary::-webkit-details-marker {\n  display: none;\n}\n.read-more {\n  color: #FF8C00;\n  font-weight: 400;\n  margin-left: 2px;\n}\n.fold-box p {\n  margin: 10px 0 0 0;\n  padding-left: 10px;\n  font-size: 18px;\n  line-height: 1.5;\n  color: #333;\n}\n.fold-box[open] .read-more::after {\n  content: \" \";\n}\n.fold-box[open] .read-more {\n  color: #e67c00;\n}\n.fold-box summary:focus {\n  outline: none;\n}\n<\/style>\n\n\n\n<div style=\"height:80px\" aria-hidden=\"true\" class=\"wp-block-spacer\"><\/div>\n\n\n\n<figure class=\"wp-block-image size-full is-resized\"><img loading=\"lazy\" decoding=\"async\" width=\"275\" height=\"74\" src=\"https:\/\/forestscandal.org\/wp-content\/uploads\/2025\/09\/essity-e1759750526728.png\" alt=\"\" class=\"wp-image-239\" style=\"width:250px;height:auto\"\/><\/figure>\n\n\n\n<p>Essity var en del av SCA innan f\u00f6retaget delade upp de tv\u00e5 divisionerna 2017, och har sedan dess beh\u00e5llit n\u00e4ra band till SCA. Essity \u00e4r en global marknadsledare inom hygien- och mjukpappersprodukter, med v\u00e4lk\u00e4nda hush\u00e5llsvarum\u00e4rken som Zewa, Tena, Lotus, Tork, Libero och Libresse. <\/p>\n\n\n\n<p>60 % av Essitys oms\u00e4ttning kommer fr\u00e5n den europeiska marknaden, d\u00e4r Tyskland, Frankrike och Storbritannien \u00e4r de st\u00f6rsta konsumentl\u00e4nderna<\/p>\n\n\n\n<ul style=\"list-style-type: disc; padding-left: 20px;\"><li><details class=\"fold-box\"><summary>Klicken Sie hier, um die zu Essity geh\u00f6renden Marken anzuzeigen<span class=\"read-more\">\u25bc<\/span><\/summary><p class=\"translation-block\"><img src=\"https:\/\/forestscandal.org\/wp-content\/uploads\/2025\/10\/essity-brands-1.png?text=Essity+Brands\" alt=\"Essity brands\" style=\"width:100%;max-width:800px;margin-bottom:10px\" class=\"\"><br \/>\n<a href=\"https:\/\/www.essity.com\/brands\/\" target=\"_new\">Hier klicken<\/a>, um die vollst\u00e4ndige Liste der Marken von Essity anzusehen.<\/p><\/details><\/li><\/ul><style>.fold-box {\n  cursor: pointer;\n  margin-top: 6px;\n}\n.fold-box summary {\n  list-style: none;\n  cursor: pointer;\n  font-weight: 500;\n}\n.fold-box summary::-webkit-details-marker {\n  display: none;\n}\n.read-more {\n  color: #FF8C00;\n  font-weight: 400;\n  margin-left: 2px;\n}\n.fold-box p {\n  margin: 10px 0 0 0;\n  padding-left: 10px;\n  font-size: 18px;\n  line-height: 1.5;\n  color: #333;\n}\n.fold-box[open] .read-more::after {\n  content: \" \";\n}\n.fold-box[open] .read-more {\n  color: #e67c00;\n}\n.fold-box summary:focus {\n  outline: none;\n}\n<\/style>\n\n\n\n<div style=\"height:80px\" aria-hidden=\"true\" class=\"wp-block-spacer\"><\/div>\n\n\n\n<figure class=\"wp-block-image size-full is-resized\"><img loading=\"lazy\" decoding=\"async\" width=\"332\" height=\"76\" src=\"https:\/\/forestscandal.org\/wp-content\/uploads\/2025\/09\/ds-smith-logo-1.png\" alt=\"\" class=\"wp-image-444\" style=\"width:257px;height:auto\" srcset=\"https:\/\/forestscandal.org\/wp-content\/uploads\/2025\/09\/ds-smith-logo-1.png 332w, https:\/\/forestscandal.org\/wp-content\/uploads\/2025\/09\/ds-smith-logo-1-300x69.png 300w\" sizes=\"auto, (max-width: 332px) 100vw, 332px\" \/><\/figure>\n\n\n\n<p>I januari 2025 gick det brittiska f\u00f6rpackningsf\u00f6retaget DS Smith samman med International Paper och blev d\u00e4rmed global marknadsledare inom pappersbaserade f\u00f6rpackningar. V\u00e4lk\u00e4nda f\u00f6retag som <strong>Amazon<\/strong>, <strong>L&#8217;or\u00e9al<\/strong>, <strong>Zalando<\/strong> och <strong>Unilever<\/strong> \u00e4r bland de otaliga f\u00f6retag som f\u00f6rlitar sig p\u00e5 DS Smith f\u00f6r sin f\u00f6rs\u00f6rjning av f\u00f6rpackningsmaterial.  <\/p>\n\n\n\n<p>Sj\u00e4lvklart finns det idag inget s\u00e4tt att sp\u00e5ra en enskild produkt genom leverant\u00f6rskedjan f\u00f6r att veta s\u00e4kert att den faktiskt kommer fr\u00e5n SCA och svenska kontinuitetsskogar. Men s\u00e5 l\u00e4nge risken finns m\u00e5ste \u00e4ven f\u00f6retag som indirekt k\u00f6per fr\u00e5n SCA agera. Risken kan bara elimineras genom att v\u00e4gra ta emot produkter som h\u00e4rstammar fr\u00e5n SCAs industrier.  <\/p>\n\n\n\n<ul style=\"list-style-type: disc; padding-left: 20px;\"><li><details class=\"fold-box\"><summary>Klicken Sie hier, um die Marken zu sehen, die mit DS Smith zusammenarbeiten<span class=\"read-more\">\u25bc<\/span><\/summary><p class=\"translation-block\"><img src=\"https:\/\/forestscandal.org\/wp-content\/uploads\/2026\/03\/ds-smith-partners2.jpg\" alt=\"DS Smith partners\" style=\"width:100%;max-width:800px;margin-bottom:10px\" class=\"\">\n<br \/><a href=\"https:\/\/en.wikipedia.org\/wiki\/DS_Smith\" target=\"_new\">Hier klicken<\/a>, um mehr \u00fcber DS Smith zu erfahren.<\/p><\/details><\/li><\/ul><style>.fold-box {\n  cursor: pointer;\n  margin-top: 6px;\n}\n.fold-box summary {\n  list-style: none;\n  cursor: pointer;\n  font-weight: 500;\n}\n.fold-box summary::-webkit-details-marker {\n  display: none;\n}\n.read-more {\n  color: #FF8C00;\n  font-weight: 400;\n  margin-left: 2px;\n}\n.fold-box p {\n  margin: 10px 0 0 0;\n  padding-left: 10px;\n  font-size: 18px;\n  line-height: 1.5;\n  color: #333;\n}\n.fold-box[open] .read-more::after {\n  content: \" \";\n}\n.fold-box[open] .read-more {\n  color: #e67c00;\n}\n.fold-box summary:focus {\n  outline: none;\n}\n<\/style>","protected":false},"excerpt":{"rendered":"<p>F\u00f6retag Det schweiziska multinationella f\u00f6retaget Nestl\u00e9 \u00e4r v\u00e4rldens st\u00f6rsta producent av mat och dryck. Med omkring 2000 varum\u00e4rken producerar f\u00f6retaget mer \u00e4n 300 miljarder Nestl\u00e9-f\u00f6rpackningar varje \u00e5r. Nestl\u00e9 h\u00e4vdar att de endast anv\u00e4nder papper och pappersmassa fr\u00e5n h\u00e5llbart f\u00f6rvaltade skogar. Efter att Nestl\u00e9 bes\u00f6kte Sverige i september 2024 p\u00e5 inbjudan fr\u00e5n Skydda Skogen, Greenpeace, Robin [&hellip;]<\/p>","protected":false},"author":1,"featured_media":0,"parent":0,"menu_order":0,"comment_status":"closed","ping_status":"closed","template":"page-no-title","meta":{"footnotes":""},"class_list":["post-593","page","type-page","status-publish","hentry"],"_links":{"self":[{"href":"https:\/\/forestscandal.org\/de\/wp-json\/wp\/v2\/pages\/593","targetHints":{"allow":["GET"]}}],"collection":[{"href":"https:\/\/forestscandal.org\/de\/wp-json\/wp\/v2\/pages"}],"about":[{"href":"https:\/\/forestscandal.org\/de\/wp-json\/wp\/v2\/types\/page"}],"author":[{"embeddable":true,"href":"https:\/\/forestscandal.org\/de\/wp-json\/wp\/v2\/users\/1"}],"replies":[{"embeddable":true,"href":"https:\/\/forestscandal.org\/de\/wp-json\/wp\/v2\/comments?post=593"}],"version-history":[{"count":5,"href":"https:\/\/forestscandal.org\/de\/wp-json\/wp\/v2\/pages\/593\/revisions"}],"predecessor-version":[{"id":741,"href":"https:\/\/forestscandal.org\/de\/wp-json\/wp\/v2\/pages\/593\/revisions\/741"}],"wp:attachment":[{"href":"https:\/\/forestscandal.org\/de\/wp-json\/wp\/v2\/media?parent=593"}],"curies":[{"name":"wp","href":"https:\/\/api.w.org\/{rel}","templated":true}]}}